{"id":22194,"date":"2021-08-31T12:16:00","date_gmt":"2021-08-31T11:16:00","guid":{"rendered":"http:\/\/www.inurabogados.es\/?page_id=22194"},"modified":"2026-03-12T15:05:03","modified_gmt":"2026-03-12T14:05:03","slug":"estudiojuridicoalicante","status":"publish","type":"page","link":"https:\/\/www.inurabogados.es\/en\/estudiojuridicoalicante\/","title":{"rendered":"Team"},"content":{"rendered":"<p>[et_pb_section fb_built=\u00bb1&#8243; fullwidth=\u00bbon\u00bb _builder_version=\u00bb4.16&#8243; _module_preset=\u00bbdefault\u00bb global_colors_info=\u00bb{}\u00bb][et_pb_fullwidth_header admin_label=\u00bbT\u00edtulo de anchura completa\u00bb _builder_version=\u00bb4.27.4&#8243; _module_preset=\u00bbdefault\u00bb title_font=\u00bbRaleway|700|||||||\u00bb title_text_align=\u00bbleft\u00bb title_text_color=\u00bb#ffffff\u00bb title_font_size=\u00bb29px\u00bb title_letter_spacing=\u00bb1px\u00bb subhead_font=\u00bbRaleway|700|||||||\u00bb subhead_text_align=\u00bbleft\u00bb subhead_text_color=\u00bb#FFFFFF\u00bb subhead_letter_spacing=\u00bb1px\u00bb background_enable_color=\u00bboff\u00bb background_image=\u00bbhttps:\/\/www.inurabogados.es\/wp-content\/uploads\/2021\/08\/servicios-title-e1748185023251.jpg\u00bb hover_enabled=\u00bb0&#8243; global_colors_info=\u00bb{}\u00bb sticky_enabled=\u00bb0&#8243;][\/et_pb_fullwidth_header][\/et_pb_section][et_pb_section fb_built=\u00bb1&#8243; _builder_version=\u00bb4.16&#8243; _module_preset=\u00bbdefault\u00bb global_colors_info=\u00bb{}\u00bb][et_pb_row column_structure=\u00bb1_2,1_2&#8243; use_custom_gutter=\u00bbon\u00bb gutter_width=\u00bb4&#8243; make_equal=\u00bbon\u00bb _builder_version=\u00bb4.16&#8243; _module_preset=\u00bbdefault\u00bb module_alignment=\u00bbcenter\u00bb custom_padding=\u00bb||1px|||\u00bb global_colors_info=\u00bb{}\u00bb][et_pb_column type=\u00bb1_2&#8243; _builder_version=\u00bb4.16&#8243; _module_preset=\u00bbdefault\u00bb global_colors_info=\u00bb{}\u00bb][et_pb_image src=\u00bbhttps:\/\/www.inurabogados.es\/wp-content\/uploads\/2025\/05\/Rafael-Moreno-Ubric-scaled.jpeg\u00bb title_text=\u00bbRafael Moreno Ubric\u00bb _builder_version=\u00bb4.16&#8243; _module_preset=\u00bbdefault\u00bb max_width=\u00bb75%\u00bb module_alignment=\u00bbleft\u00bb module_alignment_tablet=\u00bb\u00bb module_alignment_phone=\u00bb\u00bb module_alignment_last_edited=\u00bbon|phone\u00bb global_colors_info=\u00bb{}\u00bb][\/et_pb_image][et_pb_text disabled_on=\u00bboff|off|on\u00bb _builder_version=\u00bb4.16&#8243; _module_preset=\u00bbdefault\u00bb text_line_height=\u00bb16px\u00bb header_6_font=\u00bbRaleway|600|||||||\u00bb header_6_line_height=\u00bb25px\u00bb global_colors_info=\u00bb{}\u00bb]<\/p>\n<h2>RAFAEL MORENO UBRIC<\/h2>\n<h6>Socio fundador de <strong>INUR | Abogados<\/strong><\/h6>\n<p>Alicante<\/p>\n<p>Derecho Inmobiliario y Urbanismo<\/p>\n<p>rafael@inurabogados.es<\/p>\n<p>[\/et_pb_text][et_pb_text ul_type=\u00bbcircle\u00bb ul_item_indent=\u00bb14px\u00bb disabled_on=\u00bboff|off|on\u00bb module_class=\u00bbhide-desktop\u00bb _builder_version=\u00bb4.16&#8243; _module_preset=\u00bbdefault\u00bb ul_font=\u00bbRaleway||||||||\u00bb ul_text_align=\u00bbjustify\u00bb ul_text_color=\u00bb#393939&#8243; header_6_font=\u00bbRaleway|900||on|||||\u00bb header_6_line_height=\u00bb3.5em\u00bb custom_margin=\u00bb||||false|false\u00bb custom_margin_tablet=\u00bb||18px||false|false\u00bb custom_margin_phone=\u00bb||2px||false|false\u00bb custom_margin_last_edited=\u00bbon|phone\u00bb custom_css_main_element=\u00bbul li {||color: #bf9522;||}\u00bb locked=\u00bboff\u00bb global_colors_info=\u00bb{}\u00bb]<\/p>\n<h6>Formaci\u00f3n acad\u00e9mica<\/h6>\n<ul>\n<li><span style=\"color: #393939;\">Licenciado en Derecho, por la Universidad de Alicante.<\/span><\/li>\n<li><span style=\"color: #393939;\">M\u00e1ster en Derecho Inmobiliario, por EIS Innovative School.<\/span><\/li>\n<li><span style=\"color: #393939;\">Master en Abogac\u00eda, por ICALI y la Universidad de Alicante.<\/span><\/li>\n<\/ul>\n<p>[\/et_pb_text][et_pb_text ul_type=\u00bbcircle\u00bb ul_item_indent=\u00bb14px\u00bb disabled_on=\u00bboff|off|on\u00bb _builder_version=\u00bb4.16&#8243; _module_preset=\u00bbdefault\u00bb ul_font=\u00bbRaleway||||||||\u00bb ul_text_align=\u00bbjustify\u00bb header_6_font=\u00bbRaleway|900||on|||||\u00bb header_6_line_height=\u00bb3.5em\u00bb custom_margin=\u00bb||||false|false\u00bb custom_margin_tablet=\u00bb||18px||false|false\u00bb custom_margin_phone=\u00bb||2px||false|false\u00bb custom_margin_last_edited=\u00bbon|phone\u00bb global_colors_info=\u00bb{}\u00bb]<\/p>\n<h6>Trayectoria profesional<\/h6>\n<ul>\n<li>Trabaj\u00f3 durante doce a\u00f1os en el despacho Serrano &amp; Asociados Urbanistas, como responsable del \u00e1rea de derecho inmobiliario en la oficina de Alicante, hasta que en noviembre de 2018 fund\u00f3 INUR | Abogados.<\/li>\n<li>Atesora amplia experiencia defendiendo a particulares y empresas, asesorando a Ayuntamientos, colaborando con prestigiosos Juristas, habiendo intervenido en todas las jurisdicciones e instancias y celebrado juicios en provincias como Alicante, Valencia, Madrid, Murcia, Almer\u00eda, Granada, Albacete, Ciudad Real, \u00c1vila, Burgos y Palma de Mallorca.<\/li>\n<\/ul>\n<p>[\/et_pb_text][et_pb_text ul_type=\u00bbcircle\u00bb ul_item_indent=\u00bb14px\u00bb disabled_on=\u00bboff|off|on\u00bb _builder_version=\u00bb4.16&#8243; _module_preset=\u00bbdefault\u00bb ul_font=\u00bbRaleway||||||||\u00bb ul_text_align=\u00bbjustify\u00bb header_6_font=\u00bbRaleway|900||on|||||\u00bb header_6_line_height=\u00bb3.5em\u00bb custom_margin=\u00bb||||false|false\u00bb custom_margin_tablet=\u00bb||18px||false|false\u00bb custom_margin_phone=\u00bb||2px||false|false\u00bb custom_margin_last_edited=\u00bbon|phone\u00bb global_colors_info=\u00bb{}\u00bb]<\/p>\n<h6>Instituciones<\/h6>\n<ul>\n<li>Colegiado 6.483 del ICALI.<\/li>\n<li>Miembro de la Secci\u00f3n de Abogados Urbanistas del ICALI.<\/li>\n<li>Asesor jur\u00eddico del Colegio Oficial de Agentes de la Propiedad Inmobiliaria de Alicante (COAPI) y de la Asociaci\u00f3n de Agentes de la Propiedad Inmobiliaria y Agentes Inmobiliarios de la provincia de Alicante (APIAL), cargo en vigor desde Enero de 2023.<\/li>\n<li>Arbitro de la Corte de Arbitraje del COAPI.<\/li>\n<\/ul>\n<p>[\/et_pb_text][et_pb_text ul_type=\u00bbcircle\u00bb ul_item_indent=\u00bb14px\u00bb disabled_on=\u00bboff|off|on\u00bb _builder_version=\u00bb4.16&#8243; _module_preset=\u00bbdefault\u00bb ul_font=\u00bbRaleway||||||||\u00bb ul_text_align=\u00bbjustify\u00bb header_6_font=\u00bbRaleway|900||on|||||\u00bb header_6_line_height=\u00bb3.5em\u00bb custom_margin=\u00bb||||false|false\u00bb custom_margin_tablet=\u00bb||18px||false|false\u00bb custom_margin_phone=\u00bb||2px||false|false\u00bb custom_margin_last_edited=\u00bbon|phone\u00bb global_colors_info=\u00bb{}\u00bb]<\/p>\n<h6>Publicaciones y art\u00edculos<\/h6>\n<ul>\n<li>Director, coordinador y coautor de la obra titulada \u201cManual de Derecho Inmobiliario\u201d, publicada por Civitas \u2013 Aranzadi, en 2021.<\/li>\n<li>Coautor de la obra \u201cInstituciones de Derecho Urban\u00edstico y Ambiental de la Comunidad Valenciana\u201d, publicada por Civitas \u2013 Aranzadi, en 2016.<\/li>\n<li>Autor del art\u00edculo \u201cEl incumplimiento del plazo de entrega de viviendas y la resoluci\u00f3n del contrato\u201d, publicado en la Revista del Consejo General de la Abogac\u00eda Espa\u00f1ola, en 2012.<\/li>\n<li>Autor del art\u00edculo \u201cComunidad de bienes: Capacidad para ser parte actora\u201d, publicado en la Revista Inmueble, en 2019.<\/li>\n<li>Ponente en el Foro Inmobiliario de Alicante Plaza en 2022, 2023 y 2024.<\/li>\n<\/ul>\n<p>[\/et_pb_text][et_pb_text ul_type=\u00bbcircle\u00bb ul_item_indent=\u00bb14px\u00bb disabled_on=\u00bboff|off|on\u00bb _builder_version=\u00bb4.16&#8243; _module_preset=\u00bbdefault\u00bb ul_font=\u00bbRaleway||||||||\u00bb ul_text_align=\u00bbjustify\u00bb header_6_font=\u00bbRaleway|900||on|||||\u00bb header_6_line_height=\u00bb3.5em\u00bb custom_margin=\u00bb||-31px|||\u00bb custom_margin_tablet=\u00bb||18px||false|false\u00bb custom_margin_phone=\u00bb||2px||false|false\u00bb custom_margin_last_edited=\u00bbon|phone\u00bb global_colors_info=\u00bb{}\u00bb]<\/p>\n<h6>Cursos y ponencias impartidas<\/h6>\n<ul>\n<li>Curso de formaci\u00f3n para Agentes de Intermediaci\u00f3n Inmobiliaria para COAPI y APIAL, Alicante, 2023.<\/li>\n<li>Curso de Derecho Inmobiliario para el GRUPO ALZIS, Elche 2022.<\/li>\n<li>Ponencia en el acto organizado por los Registradores de Catalu\u00f1a sobre el sector inmobiliario, Barcelona 2022.<\/li>\n<li>Nuevas oportunidades de negocio: La contrataci\u00f3n P\u00fablica en Fundesem Business School, 2020.<\/li>\n<li>M\u00f3dulo de Licencias y Disciplina Urban\u00edstica en Fundesem Business School, 2018.<\/li>\n<li>Programa Superior de Gesti\u00f3n Inmobiliaria para SOLVIA en Fundesem Business School, 2017.<\/li>\n<li>Consejos pr\u00e1cticos para ganar un Juicio en Fundesem Business School, 2016.<\/li>\n<li>Curso de Perito Judicial en la Escuela de Negocios de la Universidad de Alicante, 2013.<\/li>\n<li>\u201cI Encuentro AITDI\u201d sobre la Profesi\u00f3n del Ingeniero T\u00e9cnico en Dise\u00f1o Industrial (Aspectos Jur\u00eddicos) en la Asociaci\u00f3n de Ingenieros T\u00e9cnicos en Dise\u00f1o Industrial de la Comunidad Valenciana, 2011.<\/li>\n<\/ul>\n<ul><\/ul>\n<p>[\/et_pb_text][\/et_pb_column][et_pb_column type=\u00bb1_2&#8243; _builder_version=\u00bb4.16&#8243; _module_preset=\u00bbdefault\u00bb global_colors_info=\u00bb{}\u00bb][et_pb_image src=\u00bbhttps:\/\/www.inurabogados.es\/wp-content\/uploads\/2025\/05\/Rocio-Martinez-Magallanes-scaled.jpeg\u00bb title_text=\u00bbRocio Martinez Magallanes\u00bb _builder_version=\u00bb4.16&#8243; _module_preset=\u00bbdefault\u00bb max_width=\u00bb75%\u00bb module_alignment=\u00bbleft\u00bb global_colors_info=\u00bb{}\u00bb][\/et_pb_image][et_pb_text disabled_on=\u00bboff|off|on\u00bb _builder_version=\u00bb4.16&#8243; _module_preset=\u00bbdefault\u00bb header_6_font=\u00bbRaleway|600|||||||\u00bb header_6_line_height=\u00bb25px\u00bb global_colors_info=\u00bb{}\u00bb]<\/p>\n<h2>ROC\u00cdO MART\u00cdNEZ MAGALLANES<\/h2>\n<h6>Socia de <strong>INUR | Abogados<\/strong><\/h6>\n<p>Murcia<\/p>\n<p style=\"text-align: justify;\">Derecho Administrativo, Inmobiliario, Urbanismo y Derecho Penal (Ordenaci\u00f3n del Territorio)<\/p>\n<p>magallanes@inurabogados.es<\/p>\n<p>[\/et_pb_text][et_pb_text ul_type=\u00bbcircle\u00bb ul_item_indent=\u00bb14px\u00bb disabled_on=\u00bboff|off|on\u00bb _builder_version=\u00bb4.16&#8243; _module_preset=\u00bbdefault\u00bb ul_font=\u00bbRaleway||||||||\u00bb ul_text_align=\u00bbjustify\u00bb header_6_font=\u00bbRaleway|900||on|||||\u00bb header_6_line_height=\u00bb3.5em\u00bb custom_margin=\u00bb||||false|false\u00bb custom_margin_tablet=\u00bb||18px||false|false\u00bb custom_margin_phone=\u00bb||2px||false|false\u00bb custom_margin_last_edited=\u00bbon|phone\u00bb global_colors_info=\u00bb{}\u00bb]<\/p>\n<h6>Formaci\u00f3n acad\u00e9mica<\/h6>\n<ul>\n<li>Licenciada en Derecho, por la Universidad de Murcia.<\/li>\n<li>Beca de colaboraci\u00f3n en el Departamento de Fundamentos del Orden Jur\u00eddico y Constitucional de la Facultad de Derecho de la Universidad de Murcia.<\/li>\n<li>Postgrado experto en Urbanismo, por Esneca Business School.<\/li>\n<li>Curso \u201cCuestiones referentes a haciendas locales desde el punto de vista administrativo y contencioso administrativo\u201d, por el Ilustre Colegio de Abogados de Murcia.<span lang=\"ES\"><\/span><\/li>\n<\/ul>\n<p>[\/et_pb_text][et_pb_text ul_type=\u00bbcircle\u00bb ul_item_indent=\u00bb14px\u00bb disabled_on=\u00bboff|off|on\u00bb _builder_version=\u00bb4.16&#8243; _module_preset=\u00bbdefault\u00bb ul_font=\u00bbRaleway||||||||\u00bb ul_text_align=\u00bbjustify\u00bb header_6_font=\u00bbRaleway|900||on|||||\u00bb header_6_line_height=\u00bb3.5em\u00bb custom_margin=\u00bb||||false|false\u00bb custom_margin_tablet=\u00bb||18px||false|false\u00bb custom_margin_phone=\u00bb||2px||false|false\u00bb custom_margin_last_edited=\u00bbon|phone\u00bb global_colors_info=\u00bb{}\u00bb]<\/p>\n<h6 style=\"text-align: justify;\">Trayectoria profesional<\/h6>\n<ul>\n<li class=\"Standard\">Trabajo durante varios a\u00f1os en el despacho Serrano &amp; Asociados Urbanistas, como abogada especialista en Derecho Inmobiliario, Administrativo y Urbanismo.<\/li>\n<li class=\"Standard\">Posteriormente, ostent\u00f3 el cargo de Directora del Departamento de Derecho Inmobiliario, Administrativo y Urbanismo en MCT Abogados.<\/li>\n<li class=\"Standard\">Ha desarrollado sus conocimientos y adquirido amplia experiencia en despachos profesionales sitos en Murcia y Alicante especializados en las referidas materias, colaborando en el asesoramiento jur\u00eddico y defensa letrada, tanto de empresas de reconocido prestigio, como de Ayuntamientos de la Regi\u00f3n de Murcia y la Comunidad Valenciana.<\/li>\n<\/ul>\n<p>[\/et_pb_text][et_pb_text ul_type=\u00bbcircle\u00bb ul_item_indent=\u00bb14px\u00bb disabled_on=\u00bboff|off|on\u00bb _builder_version=\u00bb4.16&#8243; _module_preset=\u00bbdefault\u00bb ul_font=\u00bbRaleway||||||||\u00bb ul_text_align=\u00bbjustify\u00bb header_6_font=\u00bbRaleway|900||on|||||\u00bb header_6_line_height=\u00bb3.5em\u00bb custom_margin=\u00bb||||false|false\u00bb custom_margin_tablet=\u00bb||18px||false|false\u00bb custom_margin_phone=\u00bb||2px||false|false\u00bb custom_margin_last_edited=\u00bbon|phone\u00bb global_colors_info=\u00bb{}\u00bb]<\/p>\n<h6 style=\"text-align: justify;\">Instituciones<\/h6>\n<ul>\n<li class=\"Standard\"><span lang=\"ES\">C<\/span><span lang=\"ES\"><\/span>olegiada 6.837 de ICAMUR.<\/li>\n<li class=\"Standard\">Miembro de la Asociaci\u00f3n de J\u00f3venes Empresarios de la Regi\u00f3n de Murcia<\/li>\n<\/ul>\n<p><span lang=\"ES\"><\/span><\/p>\n<p>[\/et_pb_text][et_pb_text ul_type=\u00bbcircle\u00bb ul_item_indent=\u00bb14px\u00bb disabled_on=\u00bboff|off|on\u00bb _builder_version=\u00bb4.16&#8243; _module_preset=\u00bbdefault\u00bb ul_font=\u00bbRaleway||||||||\u00bb ul_text_align=\u00bbjustify\u00bb header_6_font=\u00bbRaleway|900||on|||||\u00bb header_6_line_height=\u00bb3.5em\u00bb custom_margin=\u00bb||||false|false\u00bb custom_margin_tablet=\u00bb||18px||false|false\u00bb custom_margin_phone=\u00bb||2px||false|false\u00bb custom_margin_last_edited=\u00bbon|phone\u00bb global_colors_info=\u00bb{}\u00bb]<\/p>\n<h6 style=\"text-align: justify;\">Publicaciones y art\u00edculos<\/h6>\n<ul>\n<li class=\"Standard\"><span lang=\"ES\">Coautora de la obra \u201c Manual de Derecho Inmobiliario\u201d, publicado por Civitas \u2013 Aranzadi, en 2021.<\/span><\/li>\n<\/ul>\n<h6 style=\"text-align: justify;\"><span lang=\"ES\"><\/span><\/h6>\n<p>[\/et_pb_text][\/et_pb_column][\/et_pb_row][et_pb_row column_structure=\u00bb1_2,1_2&#8243; disabled_on=\u00bbon|on|off\u00bb _builder_version=\u00bb4.16&#8243; _module_preset=\u00bbdefault\u00bb custom_padding=\u00bb0px|||||\u00bb global_colors_info=\u00bb{}\u00bb][et_pb_column type=\u00bb1_2&#8243; _builder_version=\u00bb4.16&#8243; _module_preset=\u00bbdefault\u00bb global_colors_info=\u00bb{}\u00bb][et_pb_text _builder_version=\u00bb4.16&#8243; _module_preset=\u00bbdefault\u00bb text_line_height=\u00bb16px\u00bb header_6_font=\u00bbRaleway|600|||||||\u00bb header_6_line_height=\u00bb25px\u00bb global_colors_info=\u00bb{}\u00bb]<\/p>\n<h2>RAFAEL MORENO UBRIC<\/h2>\n<h6>Socio fundador de <strong>INUR | Abogados<\/strong><\/h6>\n<p>Alicante<\/p>\n<p>Derecho Inmobiliario y Urbanismo<\/p>\n<p>[\/et_pb_text][et_pb_text _builder_version=\u00bb4.16&#8243; _module_preset=\u00bbdefault\u00bb custom_margin=\u00bb49px|||||\u00bb global_colors_info=\u00bb{}\u00bb]<\/p>\n<p>rafael@inurabogados.es<\/p>\n<p>[\/et_pb_text][\/et_pb_column][et_pb_column type=\u00bb1_2&#8243; _builder_version=\u00bb4.16&#8243; _module_preset=\u00bbdefault\u00bb global_colors_info=\u00bb{}\u00bb][et_pb_text _builder_version=\u00bb4.16&#8243; _module_preset=\u00bbdefault\u00bb header_6_font=\u00bbRaleway|600|||||||\u00bb header_6_line_height=\u00bb25px\u00bb custom_margin=\u00bb||12px|||\u00bb global_colors_info=\u00bb{}\u00bb]<\/p>\n<h2>ROC\u00cdO MART\u00cdNEZ MAGALLANES<\/h2>\n<h6>Socia de <strong>INUR | Abogados<\/strong><\/h6>\n<p>Murcia<\/p>\n<p style=\"text-align: justify;\">Derecho Administrativo, Inmobiliario, Urbanismo y Derecho Penal (Ordenaci\u00f3n del Territorio)<\/p>\n<p>[\/et_pb_text][et_pb_text _builder_version=\u00bb4.16&#8243; _module_preset=\u00bbdefault\u00bb global_colors_info=\u00bb{}\u00bb]<\/p>\n<p>magallanes@inurabogados.es<\/p>\n<p>[\/et_pb_text][\/et_pb_column][\/et_pb_row][et_pb_row column_structure=\u00bb1_2,1_2&#8243; disabled_on=\u00bbon|on|off\u00bb module_class=\u00bbhide-mobile\u00bb _builder_version=\u00bb4.16&#8243; _module_preset=\u00bbdefault\u00bb custom_padding=\u00bb||27px|||\u00bb global_colors_info=\u00bb{}\u00bb][et_pb_column type=\u00bb1_2&#8243; _builder_version=\u00bb4.16&#8243; _module_preset=\u00bbdefault\u00bb global_colors_info=\u00bb{}\u00bb][et_pb_text ul_type=\u00bbcircle\u00bb ul_item_indent=\u00bb14px\u00bb _builder_version=\u00bb4.16&#8243; _module_preset=\u00bbdefault\u00bb ul_font=\u00bbRaleway||||||||\u00bb ul_text_align=\u00bbjustify\u00bb ul_text_color=\u00bb#393939&#8243; header_6_font=\u00bbRaleway|900||on|||||\u00bb header_6_line_height=\u00bb3.5em\u00bb custom_margin=\u00bb||-31px|||\u00bb custom_margin_tablet=\u00bb||18px||false|false\u00bb custom_margin_phone=\u00bb||2px||false|false\u00bb custom_margin_last_edited=\u00bbon|phone\u00bb custom_css_main_element=\u00bbul li {||color: #bf9522;||}\u00bb global_colors_info=\u00bb{}\u00bb]<\/p>\n<h6>Formaci\u00f3n acad\u00e9mica<\/h6>\n<ul>\n<li><span style=\"color: #393939;\">Licenciado en Derecho, por la Universidad de Alicante.<\/span><\/li>\n<li><span style=\"color: #393939;\">M\u00e1ster en Derecho Inmobiliario, por EIS Innovative School.<\/span><\/li>\n<li><span style=\"color: #393939;\">Master en Abogac\u00eda, por ICALI y la Universidad de Alicante.<\/span><\/li>\n<\/ul>\n<p>[\/et_pb_text][\/et_pb_column][et_pb_column type=\u00bb1_2&#8243; _builder_version=\u00bb4.16&#8243; _module_preset=\u00bbdefault\u00bb global_colors_info=\u00bb{}\u00bb][et_pb_text ul_type=\u00bbcircle\u00bb ul_item_indent=\u00bb14px\u00bb _builder_version=\u00bb4.16&#8243; _module_preset=\u00bbdefault\u00bb ul_font=\u00bbRaleway||||||||\u00bb ul_text_align=\u00bbjustify\u00bb header_6_font=\u00bbRaleway|900||on|||||\u00bb header_6_line_height=\u00bb3.5em\u00bb custom_margin=\u00bb||-31px|||\u00bb custom_margin_tablet=\u00bb||18px||false|false\u00bb custom_margin_phone=\u00bb||2px||false|false\u00bb custom_margin_last_edited=\u00bbon|phone\u00bb global_colors_info=\u00bb{}\u00bb]<\/p>\n<h6>Formaci\u00f3n acad\u00e9mica<\/h6>\n<ul>\n<li><span lang=\"ES\"><\/span>Licenciada en Derecho, por la Universidad de Murcia.<\/li>\n<li>Beca de colaboraci\u00f3n en el Departamento de Fundamentos del Orden Jur\u00eddico y Constitucional de la Facultad de Derecho de la Universidad de Murcia.<\/li>\n<li>Postgrado experto en Urbanismo, por Esneca Business School.<\/li>\n<li>Curso \u201cCuestiones referentes a haciendas locales desde el punto de vista administrativo y contencioso administrativo\u201d, por el Ilustre Colegio de Abogados de Murcia.<\/li>\n<\/ul>\n<p>[\/et_pb_text][\/et_pb_column][\/et_pb_row][et_pb_row column_structure=\u00bb1_2,1_2&#8243; disabled_on=\u00bbon|on|off\u00bb module_class=\u00bbhide-mobile\u00bb _builder_version=\u00bb4.16&#8243; _module_preset=\u00bbdefault\u00bb custom_padding=\u00bb||27px|||\u00bb global_colors_info=\u00bb{}\u00bb][et_pb_column type=\u00bb1_2&#8243; _builder_version=\u00bb4.16&#8243; _module_preset=\u00bbdefault\u00bb global_colors_info=\u00bb{}\u00bb][et_pb_text ul_type=\u00bbcircle\u00bb ul_item_indent=\u00bb14px\u00bb _builder_version=\u00bb4.16&#8243; _module_preset=\u00bbdefault\u00bb ul_font=\u00bbRaleway||||||||\u00bb ul_text_align=\u00bbjustify\u00bb header_6_font=\u00bbRaleway|900||on|||||\u00bb header_6_line_height=\u00bb3.5em\u00bb custom_margin=\u00bb||-31px|||\u00bb custom_margin_tablet=\u00bb||18px||false|false\u00bb custom_margin_phone=\u00bb||2px||false|false\u00bb custom_margin_last_edited=\u00bbon|phone\u00bb global_colors_info=\u00bb{}\u00bb]<\/p>\n<h6>Trayectoria profesional<\/h6>\n<ul>\n<li>Trabaj\u00f3 durante doce a\u00f1os en el despacho Serrano &amp; Asociados Urbanistas, como responsable del \u00e1rea de derecho inmobiliario en la oficina de Alicante, hasta que en noviembre de 2018 fund\u00f3 INUR | Abogados.<\/li>\n<li>Atesora amplia experiencia defendiendo a particulares y empresas, asesorando a Ayuntamientos, colaborando con prestigiosos Juristas, habiendo intervenido en todas las jurisdicciones e instancias y celebrado juicios en provincias como Alicante, Valencia, Madrid, Murcia, Almer\u00eda, Granada, Albacete, Ciudad Real, \u00c1vila, Burgos y Palma de Mallorca.<\/li>\n<\/ul>\n<p>[\/et_pb_text][\/et_pb_column][et_pb_column type=\u00bb1_2&#8243; _builder_version=\u00bb4.16&#8243; _module_preset=\u00bbdefault\u00bb global_colors_info=\u00bb{}\u00bb][et_pb_text ul_type=\u00bbcircle\u00bb ul_item_indent=\u00bb14px\u00bb _builder_version=\u00bb4.16&#8243; _module_preset=\u00bbdefault\u00bb ul_font=\u00bbRaleway||||||||\u00bb ul_text_align=\u00bbjustify\u00bb header_6_font=\u00bbRaleway|900||on|||||\u00bb header_6_line_height=\u00bb3.5em\u00bb custom_margin=\u00bb||-31px|||\u00bb custom_margin_tablet=\u00bb||18px||false|false\u00bb custom_margin_phone=\u00bb||2px||false|false\u00bb custom_margin_last_edited=\u00bbon|phone\u00bb global_colors_info=\u00bb{}\u00bb]<\/p>\n<h6 style=\"text-align: justify;\">Trayectoria profesional<\/h6>\n<ul>\n<li class=\"Standard\">Trabajo durante varios a\u00f1os en el despacho Serrano &amp; Asociados Urbanistas, como abogada especialista en Derecho Inmobiliario, Administrativo y<br \/>Urbanismo.<\/li>\n<li class=\"Standard\">Posteriormente, ostent\u00f3 el cargo de Directora del Departamento de Derecho Inmobiliario, Administrativo y Urbanismo en MCT Abogados.<\/li>\n<li class=\"Standard\">Ha desarrollado sus conocimientos y adquirido amplia experiencia en despachos profesionales sitos en Murcia y Alicante especializados en las referidas materias, colaborando en el asesoramiento jur\u00eddico y defensa letrada, tanto de empresas de reconocido prestigio, como de Ayuntamientos de la Regi\u00f3n de Murcia y la Comunidad Valenciana.<\/li>\n<\/ul>\n<p>[\/et_pb_text][\/et_pb_column][\/et_pb_row][et_pb_row column_structure=\u00bb1_2,1_2&#8243; disabled_on=\u00bbon|on|off\u00bb module_class=\u00bbhide-mobile\u00bb _builder_version=\u00bb4.16&#8243; _module_preset=\u00bbdefault\u00bb custom_padding=\u00bb||27px|||\u00bb global_colors_info=\u00bb{}\u00bb][et_pb_column type=\u00bb1_2&#8243; _builder_version=\u00bb4.16&#8243; _module_preset=\u00bbdefault\u00bb global_colors_info=\u00bb{}\u00bb][et_pb_text ul_type=\u00bbcircle\u00bb ul_item_indent=\u00bb14px\u00bb _builder_version=\u00bb4.16&#8243; _module_preset=\u00bbdefault\u00bb ul_font=\u00bbRaleway||||||||\u00bb ul_text_align=\u00bbjustify\u00bb header_6_font=\u00bbRaleway|900||on|||||\u00bb header_6_line_height=\u00bb3.5em\u00bb custom_margin=\u00bb||-31px|||\u00bb custom_margin_tablet=\u00bb||18px||false|false\u00bb custom_margin_phone=\u00bb||2px||false|false\u00bb custom_margin_last_edited=\u00bbon|phone\u00bb global_colors_info=\u00bb{}\u00bb]<\/p>\n<h6>Instituciones<\/h6>\n<ul>\n<li>Colegiado 6.483 del ICALI.<\/li>\n<li>Miembro de la Secci\u00f3n de Abogados Urbanistas del ICALI.<\/li>\n<li>Asesor jur\u00eddico del Colegio Oficial de Agentes de la Propiedad Inmobiliaria de Alicante (COAPI) y de la Asociaci\u00f3n de Agentes de la Propiedad Inmobiliaria y Agentes Inmobiliarios de la provincia de Alicante (APIAL), cargo en vigor desde Enero de 2023.<\/li>\n<li>Arbitro de la Corte de Arbitraje del COAPI.<\/li>\n<\/ul>\n<p>[\/et_pb_text][\/et_pb_column][et_pb_column type=\u00bb1_2&#8243; _builder_version=\u00bb4.16&#8243; _module_preset=\u00bbdefault\u00bb global_colors_info=\u00bb{}\u00bb][et_pb_text ul_type=\u00bbcircle\u00bb ul_item_indent=\u00bb14px\u00bb _builder_version=\u00bb4.16&#8243; _module_preset=\u00bbdefault\u00bb ul_font=\u00bbRaleway||||||||\u00bb ul_text_align=\u00bbjustify\u00bb header_6_font=\u00bbRaleway|900||on|||||\u00bb header_6_line_height=\u00bb3.5em\u00bb custom_margin=\u00bb||-31px|||\u00bb custom_margin_tablet=\u00bb||18px||false|false\u00bb custom_margin_phone=\u00bb||2px||false|false\u00bb custom_margin_last_edited=\u00bbon|phone\u00bb global_colors_info=\u00bb{}\u00bb]<\/p>\n<h6 style=\"text-align: justify;\">Instituciones<\/h6>\n<ul>\n<li class=\"Standard\">Colegiada 6.837 de ICAMUR.<\/li>\n<li class=\"Standard\">Miembro de la Asociaci\u00f3n de J\u00f3venes Empresarios de la Regi\u00f3n de Murcia.<span lang=\"ES\"><\/span><\/li>\n<\/ul>\n<p>[\/et_pb_text][\/et_pb_column][\/et_pb_row][et_pb_row column_structure=\u00bb1_2,1_2&#8243; disabled_on=\u00bbon|on|off\u00bb module_class=\u00bbhide-mobile\u00bb _builder_version=\u00bb4.16&#8243; _module_preset=\u00bbdefault\u00bb custom_padding=\u00bb||27px|||\u00bb global_colors_info=\u00bb{}\u00bb][et_pb_column type=\u00bb1_2&#8243; _builder_version=\u00bb4.16&#8243; _module_preset=\u00bbdefault\u00bb global_colors_info=\u00bb{}\u00bb][et_pb_text ul_type=\u00bbcircle\u00bb ul_item_indent=\u00bb14px\u00bb _builder_version=\u00bb4.16&#8243; _module_preset=\u00bbdefault\u00bb ul_font=\u00bbRaleway||||||||\u00bb ul_text_align=\u00bbjustify\u00bb header_6_font=\u00bbRaleway|900||on|||||\u00bb header_6_line_height=\u00bb3.5em\u00bb custom_margin=\u00bb||-31px|||\u00bb custom_margin_tablet=\u00bb||18px||false|false\u00bb custom_margin_phone=\u00bb||2px||false|false\u00bb custom_margin_last_edited=\u00bbon|phone\u00bb global_colors_info=\u00bb{}\u00bb]<\/p>\n<h6>Publicaciones y art\u00edculos<\/h6>\n<ul>\n<li>Director, coordinador y coautor de la obra titulada \u201cManual de Derecho Inmobiliario\u201d, publicada por Civitas \u2013 Aranzadi, en 2021.<\/li>\n<li>Coautor de la obra \u201cInstituciones de Derecho Urban\u00edstico y Ambiental de la Comunidad Valenciana\u201d, publicada por Civitas \u2013 Aranzadi, en 2016.<\/li>\n<li>Autor del art\u00edculo \u201cEl incumplimiento del plazo de entrega de viviendas y la resoluci\u00f3n del contrato\u201d, publicado en la Revista del Consejo General de la Abogac\u00eda Espa\u00f1ola, en 2012.<\/li>\n<li>Autor del art\u00edculo \u201cComunidad de bienes: Capacidad para ser parte actora\u201d, publicado en la Revista Inmueble, en 2019.<\/li>\n<li>Ponente en el Foro Inmobiliario de Alicante Plaza en 2022, 2023 y 2024.<\/li>\n<\/ul>\n<p>[\/et_pb_text][\/et_pb_column][et_pb_column type=\u00bb1_2&#8243; _builder_version=\u00bb4.16&#8243; _module_preset=\u00bbdefault\u00bb global_colors_info=\u00bb{}\u00bb][et_pb_text ul_type=\u00bbcircle\u00bb ul_item_indent=\u00bb14px\u00bb _builder_version=\u00bb4.16&#8243; _module_preset=\u00bbdefault\u00bb ul_font=\u00bbRaleway||||||||\u00bb ul_text_align=\u00bbjustify\u00bb header_6_font=\u00bbRaleway|900||on|||||\u00bb header_6_line_height=\u00bb3.5em\u00bb custom_margin=\u00bb||-166px|||\u00bb custom_margin_tablet=\u00bb||18px||false|false\u00bb custom_margin_phone=\u00bb||2px||false|false\u00bb custom_margin_last_edited=\u00bbon|phone\u00bb global_colors_info=\u00bb{}\u00bb]<\/p>\n<h6 style=\"text-align: justify;\">Publicaciones y art\u00edculos<\/h6>\n<ul>\n<li class=\"Standard\"><span lang=\"ES\">Coautora de la obra \u201c Manual de Derecho Inmobiliario\u201d, publicado por Civitas \u2013 Aranzadi, en 2021.<\/span><\/li>\n<\/ul>\n<h6 style=\"text-align: justify;\"><span lang=\"ES\"><\/span><\/h6>\n<p>[\/et_pb_text][\/et_pb_column][\/et_pb_row][et_pb_row column_structure=\u00bb1_2,1_2&#8243; disabled_on=\u00bbon|on|off\u00bb module_class=\u00bbhide-mobile\u00bb _builder_version=\u00bb4.16&#8243; _module_preset=\u00bbdefault\u00bb custom_padding=\u00bb||27px|||\u00bb global_colors_info=\u00bb{}\u00bb][et_pb_column type=\u00bb1_2&#8243; _builder_version=\u00bb4.16&#8243; _module_preset=\u00bbdefault\u00bb global_colors_info=\u00bb{}\u00bb][et_pb_text ul_type=\u00bbcircle\u00bb ul_item_indent=\u00bb14px\u00bb _builder_version=\u00bb4.16&#8243; _module_preset=\u00bbdefault\u00bb ul_font=\u00bbRaleway||||||||\u00bb ul_text_align=\u00bbjustify\u00bb header_6_font=\u00bbRaleway|900||on|||||\u00bb header_6_line_height=\u00bb3.5em\u00bb custom_margin=\u00bb||-31px|||\u00bb custom_margin_tablet=\u00bb||18px||false|false\u00bb custom_margin_phone=\u00bb||2px||false|false\u00bb custom_margin_last_edited=\u00bbon|phone\u00bb global_colors_info=\u00bb{}\u00bb]<\/p>\n<h6>Cursos y ponencias impartidas<\/h6>\n<ul>\n<li>Curso de formaci\u00f3n para Agentes de Intermediaci\u00f3n Inmobiliaria para COAPI y APIAL, Alicante, 2023.<\/li>\n<li>Curso de Derecho Inmobiliario para el GRUPO ALZIS, Elche 2022.<\/li>\n<li>Ponencia en el acto organizado por los Registradores de Catalu\u00f1a sobre el sector inmobiliario, Barcelona 2022.<\/li>\n<li>Nuevas oportunidades de negocio: La contrataci\u00f3n P\u00fablica en Fundesem Business School, 2020.<\/li>\n<li>M\u00f3dulo de Licencias y Disciplina Urban\u00edstica en Fundesem Business School, 2018.<\/li>\n<li>Programa Superior de Gesti\u00f3n Inmobiliaria para SOLVIA en Fundesem Business School, 2017.<\/li>\n<li>Consejos pr\u00e1cticos para ganar un Juicio en Fundesem Business School, 2016.<\/li>\n<li>Curso de Perito Judicial en la Escuela de Negocios de la Universidad de Alicante, 2013.<\/li>\n<li>\u201cI Encuentro AITDI\u201d sobre la Profesi\u00f3n del Ingeniero T\u00e9cnico en Dise\u00f1o Industrial (Aspectos Jur\u00eddicos) en la Asociaci\u00f3n de Ingenieros T\u00e9cnicos en Dise\u00f1o Industrial de la Comunidad Valenciana, 2011.<\/li>\n<\/ul>\n<p>[\/et_pb_text][\/et_pb_column][et_pb_column type=\u00bb1_2&#8243; _builder_version=\u00bb4.16&#8243; _module_preset=\u00bbdefault\u00bb global_colors_info=\u00bb{}\u00bb][\/et_pb_column][\/et_pb_row][\/et_pb_section]<\/p>\n","protected":false},"excerpt":{"rendered":"<p>RAFAEL MORENO UBRIC Socio fundador de INUR | Abogados Alicante Derecho Inmobiliario y Urbanismo rafael@inurabogados.esFormaci\u00f3n acad\u00e9mica Licenciado en Derecho, por la Universidad de Alicante. M\u00e1ster en Derecho Inmobiliario, por EIS Innovative School. Master en Abogac\u00eda, por ICALI y la Universidad de Alicante. Trayectoria profesional Trabaj\u00f3 durante doce a\u00f1os en el despacho Serrano &amp; Asociados Urbanistas, [&hellip;]<\/p>\n","protected":false},"author":1,"featured_media":0,"parent":0,"menu_order":0,"comment_status":"closed","ping_status":"closed","template":"","meta":{"_et_pb_use_builder":"on","_et_pb_old_content":"","_et_gb_content_width":"","footnotes":""},"class_list":["post-22194","page","type-page","status-publish","hentry"],"aioseo_notices":[],"_links":{"self":[{"href":"https:\/\/www.inurabogados.es\/en\/wp-json\/wp\/v2\/pages\/22194","targetHints":{"allow":["GET"]}}],"collection":[{"href":"https:\/\/www.inurabogados.es\/en\/wp-json\/wp\/v2\/pages"}],"about":[{"href":"https:\/\/www.inurabogados.es\/en\/wp-json\/wp\/v2\/types\/page"}],"author":[{"embeddable":true,"href":"https:\/\/www.inurabogados.es\/en\/wp-json\/wp\/v2\/users\/1"}],"replies":[{"embeddable":true,"href":"https:\/\/www.inurabogados.es\/en\/wp-json\/wp\/v2\/comments?post=22194"}],"version-history":[{"count":46,"href":"https:\/\/www.inurabogados.es\/en\/wp-json\/wp\/v2\/pages\/22194\/revisions"}],"predecessor-version":[{"id":22946,"href":"https:\/\/www.inurabogados.es\/en\/wp-json\/wp\/v2\/pages\/22194\/revisions\/22946"}],"wp:attachment":[{"href":"https:\/\/www.inurabogados.es\/en\/wp-json\/wp\/v2\/media?parent=22194"}],"curies":[{"name":"wp","href":"https:\/\/api.w.org\/{rel}","templated":true}]}}