{"id":22186,"date":"2021-08-30T11:54:16","date_gmt":"2021-08-30T10:54:16","guid":{"rendered":"http:\/\/www.inurabogados.es\/?page_id=22186"},"modified":"2026-03-12T14:58:08","modified_gmt":"2026-03-12T13:58:08","slug":"serviciosjuridicosalicante","status":"publish","type":"page","link":"https:\/\/www.inurabogados.es\/en\/","title":{"rendered":"Home"},"content":{"rendered":"<p>[et_pb_section fb_built=\u00bb1&#8243; fullwidth=\u00bbon\u00bb _builder_version=\u00bb4.16&#8243; _module_preset=\u00bbdefault\u00bb global_colors_info=\u00bb{}\u00bb][et_pb_fullwidth_image src=\u00bbhttps:\/\/www.inurabogados.es\/wp-content\/uploads\/2026\/03\/Rafael-y-Rocio-Home.png\u00bb alt=\u00bbRafel y Rocio Home\u00bb title_text=\u00bbRafael Moreno Ubric\u00bb _builder_version=\u00bb4.27.4&#8243; _module_preset=\u00bbdefault\u00bb hover_enabled=\u00bb0&#8243; global_colors_info=\u00bb{}\u00bb sticky_enabled=\u00bb0&#8243;][\/et_pb_fullwidth_image][\/et_pb_section][et_pb_section fb_built=\u00bb1&#8243; _builder_version=\u00bb4.16&#8243; _module_preset=\u00bbdefault\u00bb custom_padding=\u00bb||0px|||\u00bb global_colors_info=\u00bb{}\u00bb][et_pb_row _builder_version=\u00bb4.16&#8243; _module_preset=\u00bbdefault\u00bb global_colors_info=\u00bb{}\u00bb][et_pb_column type=\u00bb4_4&#8243; _builder_version=\u00bb4.16&#8243; _module_preset=\u00bbdefault\u00bb global_colors_info=\u00bb{}\u00bb][et_pb_text _builder_version=\u00bb4.16&#8243; _module_preset=\u00bbdefault\u00bb global_colors_info=\u00bb{}\u00bb]<\/p>\n<h2>PRESENTACI\u00d3N<\/h2>\n<p>[\/et_pb_text][et_pb_text _builder_version=\u00bb4.27.4&#8243; _module_preset=\u00bbdefault\u00bb global_colors_info=\u00bb{}\u00bb]<\/p>\n<p style=\"text-align: justify;\"><strong>INUR | Abogados<\/strong> es un despacho especializado en Derecho Inmobiliario y Urbanismo, fundado en 2018, con oficinas en Alicante y Murcia, integrado por un equipo altamente cualificado encabezado por los socios Rafael Moreno Ubric y Roc\u00edo Mart\u00ednez Magallanes.<\/p>\n<p style=\"text-align: justify;\"><strong>INUR | Abogados<\/strong> es el primer despacho a nivel nacional en haber dirigido, elaborado y publicado un Manual de Derecho Inmobiliario. Sus socios son ponentes habituales en foros y congresos e imparten formaci\u00f3n en la materia.<\/p>\n<p style=\"text-align: justify;\"><strong>INUR | Abogados<\/strong> presta sus servicios profesionales a promotoras, constructoras, comunidades de propietarios, sociedades patrimoniales, particulares y Administraciones P\u00fablicas. Cabe destacar que el despacho es asesor jur\u00eddico del Colegio Oficial de Agentes de la Propiedad Inmobiliaria (COAPI) de Alicante.<\/p>\n<p style=\"text-align: justify;\"><strong>INUR | Abogados<\/strong> est\u00e1 en constante evoluci\u00f3n y b\u00fasqueda de la excelencia. La apuesta decidida por la especializaci\u00f3n nos permite ser m\u00e1s competitivos y prestar un servicio de alta calidad.<\/p>\n<p>[\/et_pb_text][\/et_pb_column][\/et_pb_row][\/et_pb_section][et_pb_section fb_built=\u00bb1&#8243; _builder_version=\u00bb4.16&#8243; _module_preset=\u00bbdefault\u00bb global_colors_info=\u00bb{}\u00bb][et_pb_row _builder_version=\u00bb4.16&#8243; _module_preset=\u00bbdefault\u00bb global_colors_info=\u00bb{}\u00bb][et_pb_column type=\u00bb4_4&#8243; _builder_version=\u00bb4.16&#8243; _module_preset=\u00bbdefault\u00bb global_colors_info=\u00bb{}\u00bb][et_pb_text _builder_version=\u00bb4.16&#8243; _module_preset=\u00bbdefault\u00bb header_2_text_align=\u00bbcenter\u00bb custom_margin=\u00bb||-2px|||\u00bb custom_padding=\u00bb||1px|||\u00bb global_colors_info=\u00bb{}\u00bb]<\/p>\n<h2 style=\"text-align: center;\">Nuestros Clientes<\/h2>\n<p>[\/et_pb_text][\/et_pb_column][\/et_pb_row][et_pb_row _builder_version=\u00bb4.16&#8243; _module_preset=\u00bbdefault\u00bb width_phone=\u00bb100%\u00bb width_last_edited=\u00bboff|phone\u00bb height_phone=\u00bb1000px\u00bb height_last_edited=\u00bboff|phone\u00bb global_colors_info=\u00bb{}\u00bb][et_pb_column type=\u00bb4_4&#8243; _builder_version=\u00bb4.16&#8243; _module_preset=\u00bbdefault\u00bb global_colors_info=\u00bb{}\u00bb][wdcl_logo_carousel animation_speed=\u00bb3400ms\u00bb nav_pagi=\u00bbnone\u00bb slide_count=\u00bb4&#8243; slide_spacing=\u00bb40px\u00bb _builder_version=\u00bb4.16&#8243; _module_preset=\u00bbdefault\u00bb width_tablet=\u00bb\u00bb width_phone=\u00bb900px\u00bb width_last_edited=\u00bbon|phone\u00bb global_colors_info=\u00bb{}\u00bb][wdcl_logo_carousel_child logo=\u00bbhttps:\/\/www.inurabogados.es\/wp-content\/uploads\/2025\/05\/logo-autocares-rios-250px-black-1.png\u00bb _builder_version=\u00bb4.16&#8243; _module_preset=\u00bbdefault\u00bb custom_margin=\u00bb25px||||false|false\u00bb global_colors_info=\u00bb{}\u00bb][\/wdcl_logo_carousel_child][wdcl_logo_carousel_child logo=\u00bbhttps:\/\/www.inurabogados.es\/wp-content\/uploads\/2025\/05\/banner_inies.jpg\u00bb _builder_version=\u00bb4.16&#8243; _module_preset=\u00bbdefault\u00bb custom_margin=\u00bb25px||||false|false\u00bb global_colors_info=\u00bb{}\u00bb][\/wdcl_logo_carousel_child][wdcl_logo_carousel_child logo=\u00bbhttps:\/\/www.inurabogados.es\/wp-content\/uploads\/2025\/05\/agritramec.jpg\u00bb _builder_version=\u00bb4.16&#8243; _module_preset=\u00bbdefault\u00bb custom_margin=\u00bb-10px||||false|false\u00bb global_colors_info=\u00bb{}\u00bb][\/wdcl_logo_carousel_child][wdcl_logo_carousel_child logo=\u00bbhttps:\/\/www.inurabogados.es\/wp-content\/uploads\/2025\/05\/ftmgroup.png\u00bb _builder_version=\u00bb4.16&#8243; _module_preset=\u00bbdefault\u00bb custom_margin=\u00bb5px||||false|false\u00bb global_colors_info=\u00bb{}\u00bb][\/wdcl_logo_carousel_child][wdcl_logo_carousel_child logo=\u00bbhttps:\/\/www.inurabogados.es\/wp-content\/uploads\/2025\/05\/Ayto-Alguazas.png\u00bb _builder_version=\u00bb4.16&#8243; _module_preset=\u00bbdefault\u00bb custom_margin=\u00bb10px||||false|false\u00bb global_colors_info=\u00bb{}\u00bb][\/wdcl_logo_carousel_child][wdcl_logo_carousel_child logo=\u00bbhttps:\/\/www.inurabogados.es\/wp-content\/uploads\/2025\/05\/logo-football_center.png\u00bb _builder_version=\u00bb4.16&#8243; _module_preset=\u00bbdefault\u00bb custom_margin=\u00bb60px||||false|false\u00bb global_colors_info=\u00bb{}\u00bb][\/wdcl_logo_carousel_child][wdcl_logo_carousel_child logo=\u00bbhttps:\/\/www.inurabogados.es\/wp-content\/uploads\/2025\/05\/AIS-Horizontal-Blanco.png\u00bb _builder_version=\u00bb4.16&#8243; _module_preset=\u00bbdefault\u00bb custom_margin=\u00bb30px||||false|false\u00bb global_colors_info=\u00bb{}\u00bb][\/wdcl_logo_carousel_child][wdcl_logo_carousel_child logo=\u00bbhttps:\/\/www.inurabogados.es\/wp-content\/uploads\/2025\/05\/logo_alegria.png\u00bb _builder_version=\u00bb4.16&#8243; _module_preset=\u00bbdefault\u00bb custom_margin=\u00bb-10px||||false|false\u00bb global_colors_info=\u00bb{}\u00bb][\/wdcl_logo_carousel_child][wdcl_logo_carousel_child logo=\u00bbhttps:\/\/www.inurabogados.es\/wp-content\/uploads\/2025\/05\/WhatsApp-Image-2025-05-27-at-12.54.06-scaled.jpeg\u00bb _builder_version=\u00bb4.16&#8243; _module_preset=\u00bbdefault\u00bb custom_margin=\u00bb30px||||false|false\u00bb global_colors_info=\u00bb{}\u00bb][\/wdcl_logo_carousel_child][wdcl_logo_carousel_child logo=\u00bbhttps:\/\/www.inurabogados.es\/wp-content\/uploads\/2025\/05\/INMIO-VERDEOSCURO-scaled.jpg\u00bb _builder_version=\u00bb4.16&#8243; _module_preset=\u00bbdefault\u00bb custom_margin=\u00bb30px||||false|false\u00bb global_colors_info=\u00bb{}\u00bb][\/wdcl_logo_carousel_child][wdcl_logo_carousel_child logo=\u00bbhttps:\/\/www.inurabogados.es\/wp-content\/uploads\/2025\/06\/apli-alicante.png\u00bb _builder_version=\u00bb4.16&#8243; _module_preset=\u00bbdefault\u00bb custom_margin=\u00bb10px||||false|false\u00bb global_colors_info=\u00bb{}\u00bb][\/wdcl_logo_carousel_child][wdcl_logo_carousel_child logo=\u00bbhttps:\/\/www.inurabogados.es\/wp-content\/uploads\/2025\/06\/LOGO.jpg\u00bb _builder_version=\u00bb4.16&#8243; _module_preset=\u00bbdefault\u00bb custom_margin=\u00bb-30px||||false|false\u00bb global_colors_info=\u00bb{}\u00bb][\/wdcl_logo_carousel_child][\/wdcl_logo_carousel][\/et_pb_column][\/et_pb_row][\/et_pb_section][et_pb_section fb_built=\u00bb1&#8243; _builder_version=\u00bb4.10.4&#8243; _module_preset=\u00bbdefault\u00bb background_color=\u00bb#f5f5f5&#8243; global_module=\u00bb22344&#8243; saved_tabs=\u00bball\u00bb global_colors_info=\u00bb{}\u00bb][et_pb_row column_structure=\u00bb3_4,1_4&#8243; _builder_version=\u00bb4.16&#8243; _module_preset=\u00bbdefault\u00bb global_colors_info=\u00bb{}\u00bb][et_pb_column type=\u00bb3_4&#8243; _builder_version=\u00bb4.16&#8243; _module_preset=\u00bbdefault\u00bb global_colors_info=\u00bb{}\u00bb][et_pb_text content_tablet=\u00bb<\/p>\n<p style=%22text-align: center;%22>Contacta con nosotros. Te informaremos sin compromiso.<\/p>\n<p>\u00bb content_phone=\u00bb<\/p>\n<p style=%22text-align: center;%22>Contacta con nosotros. Te informaremos sin compromiso.<\/p>\n<p>\u00bb content_last_edited=\u00bbon|phone\u00bb _builder_version=\u00bb4.16&#8243; _module_preset=\u00bbdefault\u00bb text_font=\u00bbRaleway|700|on||||||\u00bb text_font_size=\u00bb17px\u00bb global_colors_info=\u00bb{}\u00bb]<\/p>\n<p>Contacta con nosotros. Te informaremos sin compromiso.<\/p>\n<p>[\/et_pb_text][\/et_pb_column][et_pb_column type=\u00bb1_4&#8243; _builder_version=\u00bb4.16&#8243; _module_preset=\u00bbdefault\u00bb global_colors_info=\u00bb{}\u00bb][et_pb_button button_url=\u00bbhttps:\/\/www.inurabogados.es\/contacto\/\u00bb button_text=\u00bbCONTACTO\u00bb button_alignment=\u00bbright\u00bb button_alignment_tablet=\u00bb\u00bb button_alignment_phone=\u00bbcenter\u00bb button_alignment_last_edited=\u00bbon|phone\u00bb _builder_version=\u00bb4.16&#8243; _module_preset=\u00bbdefault\u00bb custom_button=\u00bbon\u00bb button_text_size=\u00bb13px\u00bb button_text_color=\u00bb#FFFFFF\u00bb button_bg_color=\u00bb#bf9522&#8243; button_border_width=\u00bb3px\u00bb button_border_color=\u00bb#bf9522&#8243; button_border_radius=\u00bb0px\u00bb button_letter_spacing=\u00bb1px\u00bb button_font=\u00bb|600|||||||\u00bb custom_margin=\u00bb-7px||||false|false\u00bb custom_padding=\u00bb6px|24px|6px|24px|true|true\u00bb global_colors_info=\u00bb{}\u00bb button_icon_color__hover_enabled=\u00bbon|hover\u00bb button_icon_color__hover=\u00bb#bf9522&#8243; button_bg_color__hover_enabled=\u00bbon|hover\u00bb button_bg_color__hover=\u00bb#FFFFFF\u00bb button_bg_enable_color__hover=\u00bbon\u00bb button_text_color__hover_enabled=\u00bbon|hover\u00bb button_text_color__hover=\u00bb#bf9522&#8243;][\/et_pb_button][\/et_pb_column][\/et_pb_row][\/et_pb_section]<\/p>\n","protected":false},"excerpt":{"rendered":"<p>PRESENTACI\u00d3NINUR | Abogados es un despacho especializado en Derecho Inmobiliario y Urbanismo, fundado en 2018, con oficinas en Alicante y Murcia, integrado por un equipo altamente cualificado encabezado por los socios Rafael Moreno Ubric y Roc\u00edo Mart\u00ednez Magallanes. INUR | Abogados es el primer despacho a nivel nacional en haber dirigido, elaborado y publicado un [&hellip;]<\/p>\n","protected":false},"author":1,"featured_media":0,"parent":0,"menu_order":0,"comment_status":"closed","ping_status":"closed","template":"","meta":{"_et_pb_use_builder":"on","_et_pb_old_content":"","_et_gb_content_width":"","footnotes":""},"class_list":["post-22186","page","type-page","status-publish","hentry"],"aioseo_notices":[],"_links":{"self":[{"href":"https:\/\/www.inurabogados.es\/en\/wp-json\/wp\/v2\/pages\/22186","targetHints":{"allow":["GET"]}}],"collection":[{"href":"https:\/\/www.inurabogados.es\/en\/wp-json\/wp\/v2\/pages"}],"about":[{"href":"https:\/\/www.inurabogados.es\/en\/wp-json\/wp\/v2\/types\/page"}],"author":[{"embeddable":true,"href":"https:\/\/www.inurabogados.es\/en\/wp-json\/wp\/v2\/users\/1"}],"replies":[{"embeddable":true,"href":"https:\/\/www.inurabogados.es\/en\/wp-json\/wp\/v2\/comments?post=22186"}],"version-history":[{"count":28,"href":"https:\/\/www.inurabogados.es\/en\/wp-json\/wp\/v2\/pages\/22186\/revisions"}],"predecessor-version":[{"id":22941,"href":"https:\/\/www.inurabogados.es\/en\/wp-json\/wp\/v2\/pages\/22186\/revisions\/22941"}],"wp:attachment":[{"href":"https:\/\/www.inurabogados.es\/en\/wp-json\/wp\/v2\/media?parent=22186"}],"curies":[{"name":"wp","href":"https:\/\/api.w.org\/{rel}","templated":true}]}}